{"id":5455,"date":"2021-05-31T18:42:19","date_gmt":"2021-05-31T18:42:19","guid":{"rendered":"https:\/\/mikenda.sk\/produkt\/markilux-mx-1-mx-1-compact\/"},"modified":"2021-05-31T18:42:19","modified_gmt":"2021-05-31T18:42:19","slug":"markilux-mx-1-mx-1-compact","status":"publish","type":"produkt","link":"https:\/\/mikenda.sk\/de\/produkt\/markilux-mx-1-mx-1-compact\/","title":{"rendered":"Markilux MX-1 \/ MX-1 Compact"},"content":{"rendered":"<p>Nemeck\u00e1 spolo\u010dnos\u0165\u00a0<em><strong>Markilux<\/strong><\/em><strong>\u00a0<\/strong>prich\u00e1dza s absol\u00fatnou novinkou. Kazetov\u00e1 mark\u00edza\u00a0<em><strong>MX-1<\/strong>\u00a0<\/em>zaujme u\u017e na prv\u00fd poh\u013ead svojim futuristick\u00fdm dizajnom.<\/p>\n<p>Kazeta hlbok\u00e1 62 cm (pri\u00a0<em><strong>MX-1 Compact<\/strong><\/em> 40cm) prirodzene chr\u00e1ni okn\u00e1 a fas\u00e1du.<\/p>\n<h3><img decoding=\"async\" src=\"https:\/\/mikenda.sk\/wp-content\/uploads\/2021\/12\/markilux-mx-1-compact-detail.jpg\" alt=\"Markilux MX-1 Compact\" \/><\/h3>\n<h3>ROZMERY<\/h3>\n<p>\u2022 max. \u0161\u00edrka je\u00a0<strong>7000 mm\u00a0<\/strong><\/p>\n<p>\u2022 max. v\u00fdsuv je\u00a0<strong>4370\u00a0mm\u00a0<\/strong>(pri\u00a0<em><strong>MX-1 Compact<\/strong><\/em><strong>\u00a0<\/strong><strong>4150 mm<\/strong>)<\/p>\n<p>\u2022 nastavite\u013en\u00fd sklon od\u00a0<strong>5\u00b0 do 25\u00b0\u00a0<\/strong><\/p>\n<p><span style=\"text-decoration: underline;\"><strong>Mo\u017enos\u0165 pr\u00eddavn\u00e9ho v\u00fdsuvn\u00e9ho vol\u00e1nu\u00a0<em>Shadeplus<\/em><\/strong><\/span><\/p>\n<p>\u2022 max. v\u00fdsuv\u00a0je\u00a0<strong>3870 mm\u00a0<\/strong><\/p>\n<h3>FAREBN\u00c9 PREVEDENIE<\/h3>\n<p>\u2022 <strong>biela<\/strong>\u00a0<em>(RAL9016),<\/em>\u00a0<strong>strieborn\u00e1<\/strong>\u00a0<em>(RAL9006),\u00a0<strong>\u0161edohned\u00e1<\/strong>\u00a0(RAL8019),<\/em> <strong>smotanov\u00e1\u00a0<\/strong><em>(RAL5233),<\/em>\u00a0<strong>antracitov\u00e1<\/strong><em>\u00a0(RAL5204),\u00a0<\/em><strong>kamenn\u00e1 \u0161ed\u00e1\u00a0<\/strong><em>(RAL5215),\u00a0<\/em><strong>hned\u00e1 &#8222;Havana&#8220;\u00a0<\/strong><em>(RAL5229)<\/em><\/p>\n<p>\u2022\u00a0ak\u00e1ko\u013evek in\u00e1 RAL dostupn\u00e1 za pr\u00edplatok<\/p>\n<h3>MATERI\u00c1L<\/h3>\n<p>\u2022\u00a0<em><strong>hlin\u00edkov\u00e1<\/strong><\/em><strong>\u00a0<\/strong>kon\u0161trukcia\u00a0s komponentmi z\u00a0<em><strong>nehrdzavej\u00facej ocele<\/strong><\/em><\/p>\n<h3>OVL\u00c1DANIE<\/h3>\n<p>\u2022 motorov\u00e9\u00a0s mo\u017enos\u0165ou dia\u013ekov\u00e9ho r\u00e1diov\u00e9ho ovl\u00e1dania a automatikou slnko\/vietor\/d\u00e1\u017e\u010f<\/p>\n<p><span style=\"text-decoration: underline;\"><strong>Mo\u017enos\u0165 integrovan\u00e9ho LED osvetlenia<\/strong><\/span><\/p>\n<p><span style=\"text-decoration: underline;\"><strong>Mo\u017enos\u0165 doplnenia vyhrievacieho syst\u00e9mu<\/strong><\/span><\/p>\n","protected":false},"featured_media":4693,"template":"","typ":[],"ovladanie":[],"znacka-plachty":[],"stazen":[],"znacka-slnecniky":[],"tvar":[],"produkty":[193],"sirka":[194,195,196,197,198,199],"druh":[216],"znacka":[200],"class_list":["post-5455","produkt","type-produkt","status-publish","has-post-thumbnail","hentry","produkty-markisen","sirka-od-2-metrov-de","sirka-od-3-metrov-de","sirka-od-4-metrov-de","sirka-od-5-metrov-de","sirka-od-6-metrov-de","sirka-od-7-metrov-de","druh-kazetove-de","znacka-markilux-de"],"yoast_head":"<!-- This site is optimized with the Yoast SEO plugin v27.5 - https:\/\/yoast.com\/product\/yoast-seo-wordpress\/ -->\n<title>Markilux MX-1 \/ MX-1 Compact - Mikenda present<\/title>\n<meta name=\"robots\" content=\"index, follow, max-snippet:-1, max-image-preview:large, max-video-preview:-1\" \/>\n<meta property=\"og:locale\" content=\"de_DE\" \/>\n<meta property=\"og:type\" content=\"article\" \/>\n<meta property=\"og:title\" content=\"Markilux MX-1 \/ MX-1 Compact - Mikenda present\" \/>\n<meta property=\"og:description\" content=\"Nemeck\u00e1 spolo\u010dnos\u0165\u00a0Markilux\u00a0prich\u00e1dza s absol\u00fatnou novinkou. Kazetov\u00e1 mark\u00edza\u00a0MX-1\u00a0zaujme u\u017e na prv\u00fd poh\u013ead svojim futuristick\u00fdm dizajnom. Kazeta hlbok\u00e1 62 cm (pri\u00a0MX-1 Compact 40cm) prirodzene chr\u00e1ni okn\u00e1 a fas\u00e1du. ROZMERY \u2022 max. \u0161\u00edrka je\u00a07000 mm\u00a0 \u2022 max. v\u00fdsuv je\u00a04370\u00a0mm\u00a0(pri\u00a0MX-1 Compact\u00a04150 mm) \u2022 nastavite\u013en\u00fd sklon od\u00a05\u00b0 do 25\u00b0\u00a0 Mo\u017enos\u0165 pr\u00eddavn\u00e9ho v\u00fdsuvn\u00e9ho vol\u00e1nu\u00a0Shadeplus \u2022 max. v\u00fdsuv\u00a0je\u00a03870 mm\u00a0 FAREBN\u00c9 PREVEDENIE \u2022 [&hellip;]\" \/>\n<meta property=\"og:url\" content=\"https:\/\/mikenda.sk\/de\/produkt\/markilux-mx-1-mx-1-compact\/\" \/>\n<meta property=\"og:site_name\" content=\"Mikenda present\" \/>\n<meta property=\"og:image\" content=\"https:\/\/mikenda.sk\/wp-content\/uploads\/2021\/05\/markilux-mx-1-background.jpg\" \/>\n\t<meta property=\"og:image:width\" content=\"1903\" \/>\n\t<meta property=\"og:image:height\" content=\"601\" \/>\n\t<meta property=\"og:image:type\" content=\"image\/jpeg\" \/>\n<meta name=\"twitter:card\" content=\"summary_large_image\" \/>\n<meta name=\"twitter:label1\" content=\"Gesch\u00e4tzte Lesezeit\" \/>\n\t<meta name=\"twitter:data1\" content=\"1\u00a0Minute\" \/>\n<script type=\"application\/ld+json\" class=\"yoast-schema-graph\">{\"@context\":\"https:\\\/\\\/schema.org\",\"@graph\":[{\"@type\":\"WebPage\",\"@id\":\"https:\\\/\\\/mikenda.sk\\\/de\\\/produkt\\\/markilux-mx-1-mx-1-compact\\\/\",\"url\":\"https:\\\/\\\/mikenda.sk\\\/de\\\/produkt\\\/markilux-mx-1-mx-1-compact\\\/\",\"name\":\"Markilux MX-1 \\\/ MX-1 Compact - Mikenda present\",\"isPartOf\":{\"@id\":\"https:\\\/\\\/mikenda.sk\\\/de\\\/#website\"},\"primaryImageOfPage\":{\"@id\":\"https:\\\/\\\/mikenda.sk\\\/de\\\/produkt\\\/markilux-mx-1-mx-1-compact\\\/#primaryimage\"},\"image\":{\"@id\":\"https:\\\/\\\/mikenda.sk\\\/de\\\/produkt\\\/markilux-mx-1-mx-1-compact\\\/#primaryimage\"},\"thumbnailUrl\":\"https:\\\/\\\/mikenda.sk\\\/wp-content\\\/uploads\\\/2021\\\/05\\\/markilux-mx-1-background.jpg\",\"datePublished\":\"2021-05-31T18:42:19+00:00\",\"breadcrumb\":{\"@id\":\"https:\\\/\\\/mikenda.sk\\\/de\\\/produkt\\\/markilux-mx-1-mx-1-compact\\\/#breadcrumb\"},\"inLanguage\":\"de\",\"potentialAction\":[{\"@type\":\"ReadAction\",\"target\":[\"https:\\\/\\\/mikenda.sk\\\/de\\\/produkt\\\/markilux-mx-1-mx-1-compact\\\/\"]}]},{\"@type\":\"ImageObject\",\"inLanguage\":\"de\",\"@id\":\"https:\\\/\\\/mikenda.sk\\\/de\\\/produkt\\\/markilux-mx-1-mx-1-compact\\\/#primaryimage\",\"url\":\"https:\\\/\\\/mikenda.sk\\\/wp-content\\\/uploads\\\/2021\\\/05\\\/markilux-mx-1-background.jpg\",\"contentUrl\":\"https:\\\/\\\/mikenda.sk\\\/wp-content\\\/uploads\\\/2021\\\/05\\\/markilux-mx-1-background.jpg\",\"width\":1903,\"height\":601},{\"@type\":\"BreadcrumbList\",\"@id\":\"https:\\\/\\\/mikenda.sk\\\/de\\\/produkt\\\/markilux-mx-1-mx-1-compact\\\/#breadcrumb\",\"itemListElement\":[{\"@type\":\"ListItem\",\"position\":1,\"name\":\"Domovsk\u00e1 str\u00e1nka\",\"item\":\"https:\\\/\\\/mikenda.sk\\\/de\\\/\"},{\"@type\":\"ListItem\",\"position\":2,\"name\":\"Produkty\",\"item\":\"https:\\\/\\\/mikenda.sk\\\/de\\\/produkt\\\/\"},{\"@type\":\"ListItem\",\"position\":3,\"name\":\"Markilux MX-1 \\\/ MX-1 Compact\"}]},{\"@type\":\"WebSite\",\"@id\":\"https:\\\/\\\/mikenda.sk\\\/de\\\/#website\",\"url\":\"https:\\\/\\\/mikenda.sk\\\/de\\\/\",\"name\":\"Mikenda present\",\"description\":\"\",\"publisher\":{\"@id\":\"https:\\\/\\\/mikenda.sk\\\/de\\\/#organization\"},\"potentialAction\":[{\"@type\":\"SearchAction\",\"target\":{\"@type\":\"EntryPoint\",\"urlTemplate\":\"https:\\\/\\\/mikenda.sk\\\/de\\\/?s={search_term_string}\"},\"query-input\":{\"@type\":\"PropertyValueSpecification\",\"valueRequired\":true,\"valueName\":\"search_term_string\"}}],\"inLanguage\":\"de\"},{\"@type\":\"Organization\",\"@id\":\"https:\\\/\\\/mikenda.sk\\\/de\\\/#organization\",\"name\":\"Mikenda present\",\"url\":\"https:\\\/\\\/mikenda.sk\\\/de\\\/\",\"logo\":{\"@type\":\"ImageObject\",\"inLanguage\":\"de\",\"@id\":\"https:\\\/\\\/mikenda.sk\\\/de\\\/#\\\/schema\\\/logo\\\/image\\\/\",\"url\":\"https:\\\/\\\/mikenda.sk\\\/wp-content\\\/uploads\\\/2021\\\/05\\\/mikenda-logo.png\",\"contentUrl\":\"https:\\\/\\\/mikenda.sk\\\/wp-content\\\/uploads\\\/2021\\\/05\\\/mikenda-logo.png\",\"width\":213,\"height\":50,\"caption\":\"Mikenda present\"},\"image\":{\"@id\":\"https:\\\/\\\/mikenda.sk\\\/de\\\/#\\\/schema\\\/logo\\\/image\\\/\"}}]}<\/script>\n<!-- \/ Yoast SEO plugin. -->","yoast_head_json":{"title":"Markilux MX-1 \/ MX-1 Compact - Mikenda present","robots":{"index":"index","follow":"follow","max-snippet":"max-snippet:-1","max-image-preview":"max-image-preview:large","max-video-preview":"max-video-preview:-1"},"og_locale":"de_DE","og_type":"article","og_title":"Markilux MX-1 \/ MX-1 Compact - Mikenda present","og_description":"Nemeck\u00e1 spolo\u010dnos\u0165\u00a0Markilux\u00a0prich\u00e1dza s absol\u00fatnou novinkou. Kazetov\u00e1 mark\u00edza\u00a0MX-1\u00a0zaujme u\u017e na prv\u00fd poh\u013ead svojim futuristick\u00fdm dizajnom. Kazeta hlbok\u00e1 62 cm (pri\u00a0MX-1 Compact 40cm) prirodzene chr\u00e1ni okn\u00e1 a fas\u00e1du. ROZMERY \u2022 max. \u0161\u00edrka je\u00a07000 mm\u00a0 \u2022 max. v\u00fdsuv je\u00a04370\u00a0mm\u00a0(pri\u00a0MX-1 Compact\u00a04150 mm) \u2022 nastavite\u013en\u00fd sklon od\u00a05\u00b0 do 25\u00b0\u00a0 Mo\u017enos\u0165 pr\u00eddavn\u00e9ho v\u00fdsuvn\u00e9ho vol\u00e1nu\u00a0Shadeplus \u2022 max. v\u00fdsuv\u00a0je\u00a03870 mm\u00a0 FAREBN\u00c9 PREVEDENIE \u2022 [&hellip;]","og_url":"https:\/\/mikenda.sk\/de\/produkt\/markilux-mx-1-mx-1-compact\/","og_site_name":"Mikenda present","og_image":[{"width":1903,"height":601,"url":"https:\/\/mikenda.sk\/wp-content\/uploads\/2021\/05\/markilux-mx-1-background.jpg","type":"image\/jpeg"}],"twitter_card":"summary_large_image","twitter_misc":{"Gesch\u00e4tzte Lesezeit":"1\u00a0Minute"},"schema":{"@context":"https:\/\/schema.org","@graph":[{"@type":"WebPage","@id":"https:\/\/mikenda.sk\/de\/produkt\/markilux-mx-1-mx-1-compact\/","url":"https:\/\/mikenda.sk\/de\/produkt\/markilux-mx-1-mx-1-compact\/","name":"Markilux MX-1 \/ MX-1 Compact - Mikenda present","isPartOf":{"@id":"https:\/\/mikenda.sk\/de\/#website"},"primaryImageOfPage":{"@id":"https:\/\/mikenda.sk\/de\/produkt\/markilux-mx-1-mx-1-compact\/#primaryimage"},"image":{"@id":"https:\/\/mikenda.sk\/de\/produkt\/markilux-mx-1-mx-1-compact\/#primaryimage"},"thumbnailUrl":"https:\/\/mikenda.sk\/wp-content\/uploads\/2021\/05\/markilux-mx-1-background.jpg","datePublished":"2021-05-31T18:42:19+00:00","breadcrumb":{"@id":"https:\/\/mikenda.sk\/de\/produkt\/markilux-mx-1-mx-1-compact\/#breadcrumb"},"inLanguage":"de","potentialAction":[{"@type":"ReadAction","target":["https:\/\/mikenda.sk\/de\/produkt\/markilux-mx-1-mx-1-compact\/"]}]},{"@type":"ImageObject","inLanguage":"de","@id":"https:\/\/mikenda.sk\/de\/produkt\/markilux-mx-1-mx-1-compact\/#primaryimage","url":"https:\/\/mikenda.sk\/wp-content\/uploads\/2021\/05\/markilux-mx-1-background.jpg","contentUrl":"https:\/\/mikenda.sk\/wp-content\/uploads\/2021\/05\/markilux-mx-1-background.jpg","width":1903,"height":601},{"@type":"BreadcrumbList","@id":"https:\/\/mikenda.sk\/de\/produkt\/markilux-mx-1-mx-1-compact\/#breadcrumb","itemListElement":[{"@type":"ListItem","position":1,"name":"Domovsk\u00e1 str\u00e1nka","item":"https:\/\/mikenda.sk\/de\/"},{"@type":"ListItem","position":2,"name":"Produkty","item":"https:\/\/mikenda.sk\/de\/produkt\/"},{"@type":"ListItem","position":3,"name":"Markilux MX-1 \/ MX-1 Compact"}]},{"@type":"WebSite","@id":"https:\/\/mikenda.sk\/de\/#website","url":"https:\/\/mikenda.sk\/de\/","name":"Mikenda present","description":"","publisher":{"@id":"https:\/\/mikenda.sk\/de\/#organization"},"potentialAction":[{"@type":"SearchAction","target":{"@type":"EntryPoint","urlTemplate":"https:\/\/mikenda.sk\/de\/?s={search_term_string}"},"query-input":{"@type":"PropertyValueSpecification","valueRequired":true,"valueName":"search_term_string"}}],"inLanguage":"de"},{"@type":"Organization","@id":"https:\/\/mikenda.sk\/de\/#organization","name":"Mikenda present","url":"https:\/\/mikenda.sk\/de\/","logo":{"@type":"ImageObject","inLanguage":"de","@id":"https:\/\/mikenda.sk\/de\/#\/schema\/logo\/image\/","url":"https:\/\/mikenda.sk\/wp-content\/uploads\/2021\/05\/mikenda-logo.png","contentUrl":"https:\/\/mikenda.sk\/wp-content\/uploads\/2021\/05\/mikenda-logo.png","width":213,"height":50,"caption":"Mikenda present"},"image":{"@id":"https:\/\/mikenda.sk\/de\/#\/schema\/logo\/image\/"}}]}},"_links":{"self":[{"href":"https:\/\/mikenda.sk\/de\/wp-json\/wp\/v2\/produkt\/5455","targetHints":{"allow":["GET"]}}],"collection":[{"href":"https:\/\/mikenda.sk\/de\/wp-json\/wp\/v2\/produkt"}],"about":[{"href":"https:\/\/mikenda.sk\/de\/wp-json\/wp\/v2\/types\/produkt"}],"wp:featuredmedia":[{"embeddable":true,"href":"https:\/\/mikenda.sk\/de\/wp-json\/wp\/v2\/media\/4693"}],"wp:attachment":[{"href":"https:\/\/mikenda.sk\/de\/wp-json\/wp\/v2\/media?parent=5455"}],"wp:term":[{"taxonomy":"typ","embeddable":true,"href":"https:\/\/mikenda.sk\/de\/wp-json\/wp\/v2\/typ?post=5455"},{"taxonomy":"ovladanie","embeddable":true,"href":"https:\/\/mikenda.sk\/de\/wp-json\/wp\/v2\/ovladanie?post=5455"},{"taxonomy":"znacka-plachty","embeddable":true,"href":"https:\/\/mikenda.sk\/de\/wp-json\/wp\/v2\/znacka-plachty?post=5455"},{"taxonomy":"stazen","embeddable":true,"href":"https:\/\/mikenda.sk\/de\/wp-json\/wp\/v2\/stazen?post=5455"},{"taxonomy":"znacka-slnecniky","embeddable":true,"href":"https:\/\/mikenda.sk\/de\/wp-json\/wp\/v2\/znacka-slnecniky?post=5455"},{"taxonomy":"tvar","embeddable":true,"href":"https:\/\/mikenda.sk\/de\/wp-json\/wp\/v2\/tvar?post=5455"},{"taxonomy":"produkty","embeddable":true,"href":"https:\/\/mikenda.sk\/de\/wp-json\/wp\/v2\/produkty?post=5455"},{"taxonomy":"sirka","embeddable":true,"href":"https:\/\/mikenda.sk\/de\/wp-json\/wp\/v2\/sirka?post=5455"},{"taxonomy":"druh","embeddable":true,"href":"https:\/\/mikenda.sk\/de\/wp-json\/wp\/v2\/druh?post=5455"},{"taxonomy":"znacka","embeddable":true,"href":"https:\/\/mikenda.sk\/de\/wp-json\/wp\/v2\/znacka?post=5455"}],"curies":[{"name":"wp","href":"https:\/\/api.w.org\/{rel}","templated":true}]}}